{"id":913,"date":"2023-03-11T12:47:09","date_gmt":"2023-03-11T11:47:09","guid":{"rendered":"https:\/\/wienmitwienerin.com\/glossaire-viennois\/"},"modified":"2024-02-28T16:00:31","modified_gmt":"2024-02-28T15:00:31","slug":"glossaire-viennois","status":"publish","type":"page","link":"https:\/\/wienmitwienerin.com\/fr\/glossaire-viennois\/","title":{"rendered":"Glossaire viennois"},"content":{"rendered":"<p><div class=\"fusion-fullwidth fullwidth-box fusion-builder-row-1 fusion-flex-container nonhundred-percent-fullwidth non-hundred-percent-height-scrolling\" style=\"--link_hover_color: var(--awb-color5);--link_color: var(--awb-color5);--awb-background-position:center top;--awb-background-blend-mode:multiply;--awb-border-color:var(--awb-color1);--awb-border-radius-top-left:0px;--awb-border-radius-top-right:0px;--awb-border-radius-bottom-right:0px;--awb-border-radius-bottom-left:0px;--awb-padding-top:0px;--awb-padding-right:15vw;--awb-padding-bottom:0px;--awb-padding-left:15vw;--awb-padding-top-small:70px;--awb-padding-right-small:40px;--awb-padding-bottom-small:0px;--awb-padding-left-small:40px;--awb-margin-bottom-medium:80px;--awb-margin-bottom-small:60px;--awb-background-color:hsla(var(--awb-color8-h),var(--awb-color8-s),var(--awb-color8-l),calc(var(--awb-color8-a) - 30%));--awb-flex-wrap:wrap;\" ><div class=\"fusion-builder-row fusion-row fusion-flex-align-items-flex-start fusion-flex-content-wrap\" style=\"max-width:1248px;margin-left: calc(-4% \/ 2 );margin-right: calc(-4% \/ 2 );\"><div class=\"fusion-layout-column fusion_builder_column fusion-builder-column-0 fusion_builder_column_1_1 1_1 fusion-flex-column\" style=\"--awb-bg-size:cover;--awb-width-large:100%;--awb-margin-top-large:0px;--awb-spacing-right-large:0px;--awb-margin-bottom-large:0px;--awb-spacing-left-large:0px;--awb-width-medium:100%;--awb-order-medium:0;--awb-spacing-right-medium:0px;--awb-spacing-left-medium:0px;--awb-width-small:100%;--awb-order-small:0;--awb-spacing-right-small:0%;--awb-spacing-left-small:0%;\"><div class=\"fusion-column-wrapper fusion-column-has-shadow fusion-flex-justify-content-flex-start fusion-content-layout-column\"><div class=\"fusion-image-element \" style=\"text-align:center;--awb-caption-title-font-family:var(--h2_typography-font-family);--awb-caption-title-font-weight:var(--h2_typography-font-weight);--awb-caption-title-font-style:var(--h2_typography-font-style);--awb-caption-title-size:var(--h2_typography-font-size);--awb-caption-title-transform:var(--h2_typography-text-transform);--awb-caption-title-line-height:var(--h2_typography-line-height);--awb-caption-title-letter-spacing:var(--h2_typography-letter-spacing);\"><span class=\" fusion-imageframe imageframe-none imageframe-1 hover-type-none\"><img decoding=\"async\" width=\"1920\" height=\"1200\" title=\"Glossar_wienerisch\" src=\"https:\/\/wienmitwienerin.com\/wp-content\/uploads\/2023\/09\/Glossar_parlez_cous_viennois.jpg\" alt class=\"img-responsive wp-image-777\"\/><\/span><\/div><\/div><\/div><\/div><\/div><div class=\"fusion-fullwidth fullwidth-box fusion-builder-row-2 fusion-flex-container has-pattern-background has-mask-background nonhundred-percent-fullwidth non-hundred-percent-height-scrolling\" style=\"--awb-border-radius-top-left:0px;--awb-border-radius-top-right:0px;--awb-border-radius-bottom-right:0px;--awb-border-radius-bottom-left:0px;--awb-margin-top:3vw;--awb-flex-wrap:wrap;\" ><div class=\"fusion-builder-row fusion-row fusion-flex-align-items-flex-start fusion-flex-content-wrap\" style=\"max-width:1248px;margin-left: calc(-4% \/ 2 );margin-right: calc(-4% \/ 2 );\"><div class=\"fusion-layout-column fusion_builder_column fusion-builder-column-1 fusion_builder_column_1_1 1_1 fusion-flex-column\" style=\"--awb-bg-size:cover;--awb-width-large:100%;--awb-margin-top-large:0px;--awb-spacing-right-large:1.92%;--awb-margin-bottom-large:20px;--awb-spacing-left-large:1.92%;--awb-width-medium:100%;--awb-order-medium:0;--awb-spacing-right-medium:1.92%;--awb-spacing-left-medium:1.92%;--awb-width-small:100%;--awb-order-small:0;--awb-spacing-right-small:1.92%;--awb-spacing-left-small:1.92%;\"><div class=\"fusion-column-wrapper fusion-column-has-shadow fusion-flex-justify-content-flex-start fusion-content-layout-column\"><div class=\"fusion-title title fusion-title-1 fusion-sep-none fusion-title-text fusion-title-size-one\"><h1 class=\"fusion-title-heading title-heading-left\" style=\"margin:0;\">Petit glossaire viennois pour les visiteurs<\/h1><\/div><div class=\"fusion-text fusion-text-1\"><p>Il est vrai que parfois nous utilisons des expressions particuli\u00e8res. Quelquesunes vous resteront \u00e0 vie apr\u00e8s une visite \u00e0 Vienne.<\/p>\n<\/div><\/div><\/div><\/div><\/div><div class=\"fusion-fullwidth fullwidth-box fusion-builder-row-3 fusion-flex-container has-pattern-background has-mask-background nonhundred-percent-fullwidth non-hundred-percent-height-scrolling\" style=\"--awb-border-radius-top-left:0px;--awb-border-radius-top-right:0px;--awb-border-radius-bottom-right:0px;--awb-border-radius-bottom-left:0px;--awb-flex-wrap:wrap;\" ><div class=\"fusion-builder-row fusion-row fusion-flex-align-items-flex-start fusion-flex-content-wrap\" style=\"max-width:1248px;margin-left: calc(-4% \/ 2 );margin-right: calc(-4% \/ 2 );\"><div class=\"fusion-layout-column fusion_builder_column fusion-builder-column-2 fusion_builder_column_1_2 1_2 fusion-flex-column\" style=\"--awb-padding-top:2vw;--awb-padding-right:2vw;--awb-padding-bottom:2vw;--awb-padding-left:2vw;--awb-bg-size:cover;--awb-width-large:50%;--awb-margin-top-large:0px;--awb-spacing-right-large:0px;--awb-margin-bottom-large:0px;--awb-spacing-left-large:0px;--awb-width-medium:50%;--awb-order-medium:0;--awb-spacing-right-medium:0px;--awb-spacing-left-medium:0px;--awb-width-small:100%;--awb-order-small:0;--awb-spacing-right-small:1.92%;--awb-spacing-left-small:1.92%;\"><div class=\"fusion-column-wrapper fusion-column-has-shadow fusion-flex-justify-content-flex-start fusion-content-layout-column\"><div class=\"fusion-text fusion-text-2\" style=\"--awb-font-size:30px;--awb-line-height:0;--awb-letter-spacing:0px;--awb-text-font-family:&quot;Amiri&quot;;--awb-text-font-style:normal;--awb-text-font-weight:700;\"><p>Servus \u00e0 Vienne<\/p>\n<\/div><div class=\"fusion-text fusion-text-3\" style=\"--awb-font-size:20px;--awb-line-height:1.2;--awb-letter-spacing:0px;--awb-margin-top:2vw;--awb-text-font-family:&quot;Amiri&quot;;--awb-text-font-style:italic;--awb-text-font-weight:400;\"><p>alors nous te saluons cordialement quand  <br \/>tu viens nous rendre visite.<\/p>\n<\/div><\/div><\/div><div class=\"fusion-layout-column fusion_builder_column fusion-builder-column-3 fusion_builder_column_1_2 1_2 fusion-flex-column\" style=\"--awb-padding-top:2vw;--awb-padding-right:2vw;--awb-padding-bottom:2vw;--awb-padding-left:2vw;--awb-bg-size:cover;--awb-width-large:50%;--awb-margin-top-large:0px;--awb-spacing-right-large:0px;--awb-margin-bottom-large:0px;--awb-spacing-left-large:0px;--awb-width-medium:50%;--awb-order-medium:0;--awb-spacing-right-medium:0px;--awb-spacing-left-medium:0px;--awb-width-small:100%;--awb-order-small:0;--awb-spacing-right-small:1.92%;--awb-spacing-left-small:1.92%;\"><div class=\"fusion-column-wrapper fusion-column-has-shadow fusion-flex-justify-content-flex-start fusion-content-layout-column\"><div class=\"fusion-text fusion-text-4\" style=\"--awb-font-size:30px;--awb-line-height:0;--awb-letter-spacing:0px;--awb-text-color:var(--awb-color5);--awb-text-font-family:&quot;Amiri&quot;;--awb-text-font-style:normal;--awb-text-font-weight:700;\"><p>Leiwand<\/p>\n<\/div><div class=\"fusion-text fusion-text-5\" style=\"--awb-font-size:20px;--awb-line-height:1.2;--awb-letter-spacing:0px;--awb-margin-top:2vw;--awb-text-font-family:&quot;Amiri&quot;;--awb-text-font-style:italic;--awb-text-font-weight:400;\"><p>on dit quand on trouve quelque chose de super. C&rsquo;est donc tr\u00e8s leiwand \u00e0 toi de venir nous voir \u00e0 Vienne.<\/p>\n<\/div><\/div><\/div><div class=\"fusion-layout-column fusion_builder_column fusion-builder-column-4 fusion_builder_column_1_2 1_2 fusion-flex-column\" style=\"--awb-padding-top:2vw;--awb-padding-right:2vw;--awb-padding-bottom:2vw;--awb-padding-left:2vw;--awb-bg-size:cover;--awb-width-large:50%;--awb-margin-top-large:0px;--awb-spacing-right-large:0px;--awb-margin-bottom-large:0px;--awb-spacing-left-large:0px;--awb-width-medium:50%;--awb-order-medium:0;--awb-spacing-right-medium:0px;--awb-spacing-left-medium:0px;--awb-width-small:100%;--awb-order-small:0;--awb-spacing-right-small:1.92%;--awb-spacing-left-small:1.92%;\"><div class=\"fusion-column-wrapper fusion-column-has-shadow fusion-flex-justify-content-flex-start fusion-content-layout-column\"><div class=\"fusion-text fusion-text-6\" style=\"--awb-font-size:30px;--awb-line-height:0;--awb-letter-spacing:0px;--awb-text-color:var(--awb-color4);--awb-text-font-family:&quot;Amiri&quot;;--awb-text-font-style:normal;--awb-text-font-weight:700;\"><p>Tramway<\/p>\n<\/div><div class=\"fusion-text fusion-text-7\" style=\"--awb-font-size:20px;--awb-line-height:1.2;--awb-letter-spacing:0px;--awb-margin-top:2vw;--awb-text-font-family:&quot;Amiri&quot;;--awb-text-font-style:italic;--awb-text-font-weight:400;\"><p>appellent certains Viennois \u00e2g\u00e9s nottre tramway. Ce n\u2019est pas par hasard que cela sonne anglais, car les premiers tramways sont venus d\u2019Angleterre et ils \u00e9taient encore tir\u00e9s par des chevaux \u00e0 l\u2019\u00e9poque. Ce n&rsquo;est pas un hasard si cela sonne anglais, car les premiers tramways sont venus d&rsquo;Angleterre et ils \u00e9taient encore tir\u00e9s par des chevaux \u00e0 l&rsquo;\u00e9poque.<\/p>\n<\/div><\/div><\/div><div class=\"fusion-layout-column fusion_builder_column fusion-builder-column-5 fusion_builder_column_1_2 1_2 fusion-flex-column\" style=\"--awb-padding-top:2vw;--awb-padding-right:2vw;--awb-padding-bottom:2vw;--awb-padding-left:2vw;--awb-bg-size:cover;--awb-width-large:50%;--awb-margin-top-large:0px;--awb-spacing-right-large:0px;--awb-margin-bottom-large:0px;--awb-spacing-left-large:0px;--awb-width-medium:50%;--awb-order-medium:0;--awb-spacing-right-medium:0px;--awb-spacing-left-medium:0px;--awb-width-small:100%;--awb-order-small:0;--awb-spacing-right-small:1.92%;--awb-spacing-left-small:1.92%;\"><div class=\"fusion-column-wrapper fusion-column-has-shadow fusion-flex-justify-content-flex-start fusion-content-layout-column\"><div class=\"fusion-text fusion-text-8\" style=\"--awb-font-size:30px;--awb-line-height:0;--awb-letter-spacing:0px;--awb-text-color:var(--awb-color7);--awb-text-font-family:&quot;Amiri&quot;;--awb-text-font-style:normal;--awb-text-font-weight:700;\"><p>Bim<\/p>\n<\/div><div class=\"fusion-text fusion-text-9\" style=\"--awb-font-size:20px;--awb-line-height:1.2;--awb-letter-spacing:0px;--awb-margin-top:2vw;--awb-text-font-family:&quot;Amiri&quot;;--awb-text-font-style:italic;--awb-text-font-weight:400;\"><p>nous appelons presque tous aujourd\u2019hui notre tramway. Nous pensons au tintement typique avec lequel les conducteurs attirent l\u2019attention des passants imprudents ou des automobilistes sur le tramway qui s\u2019approche.<\/p>\n<\/div><\/div><\/div><div class=\"fusion-layout-column fusion_builder_column fusion-builder-column-6 fusion_builder_column_1_2 1_2 fusion-flex-column\" style=\"--awb-padding-top:2vw;--awb-padding-right:2vw;--awb-padding-bottom:2vw;--awb-padding-left:2vw;--awb-bg-size:cover;--awb-width-large:50%;--awb-margin-top-large:0px;--awb-spacing-right-large:0px;--awb-margin-bottom-large:0px;--awb-spacing-left-large:0px;--awb-width-medium:50%;--awb-order-medium:0;--awb-spacing-right-medium:0px;--awb-spacing-left-medium:0px;--awb-width-small:100%;--awb-order-small:0;--awb-spacing-right-small:1.92%;--awb-spacing-left-small:1.92%;\"><div class=\"fusion-column-wrapper fusion-column-has-shadow fusion-flex-justify-content-flex-start fusion-content-layout-column\"><div class=\"fusion-text fusion-text-10\" style=\"--awb-font-size:30px;--awb-line-height:0;--awb-letter-spacing:0px;--awb-text-color:var(--awb-color5);--awb-text-font-family:&quot;Amiri&quot;;--awb-text-font-style:normal;--awb-text-font-weight:700;\"><p>M\u00e9lange<\/p>\n<\/div><div class=\"fusion-text fusion-text-11\" style=\"--awb-font-size:20px;--awb-line-height:1.2;--awb-letter-spacing:0px;--awb-margin-top:2vw;--awb-text-font-family:&quot;Amiri&quot;;--awb-text-font-style:italic;--awb-text-font-weight:400;\"><p>n&rsquo;est qu&rsquo;une des nombreuses fa\u00e7ons de pr\u00e9parer le caf\u00e9 que nous appr\u00e9cions \u00e0 Vienne, et l&rsquo;une des plus populaires : du caf\u00e9 avec du lait et de la mousse de lait dans une tasse de taille moyenne, \u00e0 laquelle nous disons toutefois H\u00e4ferl.<\/p>\n<\/div><\/div><\/div><div class=\"fusion-layout-column fusion_builder_column fusion-builder-column-7 fusion_builder_column_1_2 1_2 fusion-flex-column\" style=\"--awb-padding-top:2vw;--awb-padding-right:2vw;--awb-padding-bottom:2vw;--awb-padding-left:2vw;--awb-bg-size:cover;--awb-width-large:50%;--awb-margin-top-large:0px;--awb-spacing-right-large:0px;--awb-margin-bottom-large:0px;--awb-spacing-left-large:0px;--awb-width-medium:50%;--awb-order-medium:0;--awb-spacing-right-medium:0px;--awb-spacing-left-medium:0px;--awb-width-small:100%;--awb-order-small:0;--awb-spacing-right-small:1.92%;--awb-spacing-left-small:1.92%;\"><div class=\"fusion-column-wrapper fusion-column-has-shadow fusion-flex-justify-content-flex-start fusion-content-layout-column\"><div class=\"fusion-text fusion-text-12\" style=\"--awb-font-size:30px;--awb-line-height:0;--awb-letter-spacing:0px;--awb-text-color:var(--awb-color4);--awb-text-font-family:&quot;Amiri&quot;;--awb-text-font-style:normal;--awb-text-font-weight:700;\"><p>Schlagobers<\/p>\n<\/div><div class=\"fusion-text fusion-text-13\" style=\"--awb-font-size:20px;--awb-line-height:1.2;--awb-letter-spacing:0px;--awb-margin-top:2vw;--awb-text-font-family:&quot;Amiri&quot;;--awb-text-font-style:italic;--awb-text-font-weight:400;\"><p>est comme nous appelons la cr\u00e8me fouett\u00e9e. Ella n\u2019a rien \u00e0 faire dans un m\u00e9lange typique. Nous adorons la cr\u00e8me fouett\u00e9e avec la Sachertorte.<\/p>\n<\/div><\/div><\/div><\/div><\/div><div class=\"fusion-fullwidth fullwidth-box fusion-builder-row-4 fusion-flex-container has-pattern-background has-mask-background fusion-parallax-fixed nonhundred-percent-fullwidth non-hundred-percent-height-scrolling\" style=\"--awb-background-blend-mode:overlay;--awb-border-radius-top-left:0px;--awb-border-radius-top-right:0px;--awb-border-radius-bottom-right:0px;--awb-border-radius-bottom-left:0px;--awb-padding-top:3vw;--awb-background-color:rgba(255,255,255,0.91);--awb-background-image:url(&quot;https:\/\/wienmitwienerin.com\/wp-content\/uploads\/2023\/03\/Am_Graben_1010_Wien_wienmitwienerin.jpg&quot;);--awb-background-size:cover;--awb-flex-wrap:wrap;background-attachment:fixed;\" ><div class=\"fusion-builder-row fusion-row fusion-flex-align-items-flex-start fusion-flex-content-wrap\" style=\"max-width:1248px;margin-left: calc(-4% \/ 2 );margin-right: calc(-4% \/ 2 );\"><div class=\"fusion-layout-column fusion_builder_column fusion-builder-column-8 fusion_builder_column_1_2 1_2 fusion-flex-column\" style=\"--awb-padding-top:2vw;--awb-padding-right:2vw;--awb-padding-bottom:2vw;--awb-padding-left:2vw;--awb-bg-size:cover;--awb-width-large:50%;--awb-margin-top-large:0px;--awb-spacing-right-large:0px;--awb-margin-bottom-large:0px;--awb-spacing-left-large:0px;--awb-width-medium:50%;--awb-order-medium:0;--awb-spacing-right-medium:0px;--awb-spacing-left-medium:0px;--awb-width-small:100%;--awb-order-small:0;--awb-spacing-right-small:1.92%;--awb-spacing-left-small:1.92%;\"><div class=\"fusion-column-wrapper fusion-column-has-shadow fusion-flex-justify-content-flex-start fusion-content-layout-column\"><div class=\"fusion-text fusion-text-14\" style=\"--awb-font-size:30px;--awb-line-height:0;--awb-letter-spacing:0px;--awb-text-color:var(--awb-color7);--awb-text-font-family:&quot;Amiri&quot;;--awb-text-font-style:normal;--awb-text-font-weight:700;\"><p>Kipferl<\/p>\n<\/div><div class=\"fusion-text fusion-text-15\" style=\"--awb-font-size:20px;--awb-line-height:1.2;--awb-letter-spacing:0px;--awb-margin-top:2vw;--awb-text-font-family:&quot;Amiri&quot;;--awb-text-font-style:italic;--awb-text-font-weight:400;\"><p>est le nom de cette p\u00e2tisserie l\u00e9g\u00e8rement sucr\u00e9e en forme de croissant de lune qui, accompagn\u00e9e d&rsquo;un Melange, constitue un d\u00e9licieux petit-d\u00e9jeuner viennois. La forme ressemble \u00e0 celle d&rsquo;un croissant, mais la p\u00e2te est tr\u00e8s diff\u00e9rente. Je te propose de go\u00fbter un croissant tout de suite.<\/p>\n<\/div><\/div><\/div><div class=\"fusion-layout-column fusion_builder_column fusion-builder-column-9 fusion_builder_column_1_2 1_2 fusion-flex-column\" style=\"--awb-padding-top:2vw;--awb-padding-right:2vw;--awb-padding-bottom:2vw;--awb-padding-left:2vw;--awb-bg-size:cover;--awb-width-large:50%;--awb-margin-top-large:0px;--awb-spacing-right-large:0px;--awb-margin-bottom-large:0px;--awb-spacing-left-large:0px;--awb-width-medium:50%;--awb-order-medium:0;--awb-spacing-right-medium:0px;--awb-spacing-left-medium:0px;--awb-width-small:100%;--awb-order-small:0;--awb-spacing-right-small:1.92%;--awb-spacing-left-small:1.92%;\"><div class=\"fusion-column-wrapper fusion-column-has-shadow fusion-flex-justify-content-flex-start fusion-content-layout-column\"><div class=\"fusion-text fusion-text-16\" style=\"--awb-font-size:30px;--awb-line-height:0;--awb-letter-spacing:0px;--awb-text-color:var(--awb-color5);--awb-text-font-family:&quot;Amiri&quot;;--awb-text-font-style:normal;--awb-text-font-weight:700;\"><p>Seidl<\/p>\n<\/div><div class=\"fusion-text fusion-text-17\" style=\"--awb-font-size:20px;--awb-line-height:1.2;--awb-letter-spacing:0px;--awb-margin-top:2vw;--awb-text-font-family:&quot;Amiri&quot;;--awb-text-font-style:italic;--awb-text-font-weight:400;\"><p>est une mesure pour la bi\u00e8re, \u00e0 savoir 0,3 litre. La Seidl est la petite bi\u00e8re, son grand fr\u00e8re s&rsquo;appelle Kr\u00fcgerl (0,5 litre) et ceux qui n&rsquo;ont qu&rsquo;une toute petite soif de bi\u00e8re choisiront une Pfiff (0,2 litre).<\/p>\n<\/div><\/div><\/div><div class=\"fusion-layout-column fusion_builder_column fusion-builder-column-10 fusion_builder_column_1_2 1_2 fusion-flex-column\" style=\"--awb-padding-top:2vw;--awb-padding-right:2vw;--awb-padding-bottom:2vw;--awb-padding-left:2vw;--awb-bg-size:cover;--awb-width-large:50%;--awb-margin-top-large:0px;--awb-spacing-right-large:0px;--awb-margin-bottom-large:0px;--awb-spacing-left-large:0px;--awb-width-medium:50%;--awb-order-medium:0;--awb-spacing-right-medium:0px;--awb-spacing-left-medium:0px;--awb-width-small:100%;--awb-order-small:0;--awb-spacing-right-small:1.92%;--awb-spacing-left-small:1.92%;\"><div class=\"fusion-column-wrapper fusion-column-has-shadow fusion-flex-justify-content-flex-start fusion-content-layout-column\"><div class=\"fusion-text fusion-text-18\" style=\"--awb-font-size:30px;--awb-line-height:0;--awb-letter-spacing:0px;--awb-text-color:var(--awb-color4);--awb-text-font-family:&quot;Amiri&quot;;--awb-text-font-style:normal;--awb-text-font-weight:700;\"><p>W\u00fcrstelstand<\/p>\n<\/div><div class=\"fusion-text fusion-text-19\" style=\"--awb-font-size:20px;--awb-line-height:1.2;--awb-letter-spacing:0px;--awb-margin-top:2vw;--awb-text-font-family:&quot;Amiri&quot;;--awb-text-font-style:italic;--awb-text-font-weight:400;\"><p>est notre mot pour le stand de saucisses. A ce kiosque peut choisir entre diff\u00e9rentes saucisses: Frankfurter, Debreciner, K\u00e4sekrainer et Burenwurst sont les classiques. Si tu veux en savoir plus, le monsieur (il est toujours rare d\u2019y voir des femmes) au kiosque se fera un plaisir de t\u2019expliquer tout.<\/p>\n<\/div><\/div><\/div><div class=\"fusion-layout-column fusion_builder_column fusion-builder-column-11 fusion_builder_column_1_2 1_2 fusion-flex-column\" style=\"--awb-padding-top:2vw;--awb-padding-right:2vw;--awb-padding-bottom:2vw;--awb-padding-left:2vw;--awb-bg-size:cover;--awb-width-large:50%;--awb-margin-top-large:0px;--awb-spacing-right-large:0px;--awb-margin-bottom-large:0px;--awb-spacing-left-large:0px;--awb-width-medium:50%;--awb-order-medium:0;--awb-spacing-right-medium:0px;--awb-spacing-left-medium:0px;--awb-width-small:100%;--awb-order-small:0;--awb-spacing-right-small:1.92%;--awb-spacing-left-small:1.92%;\"><div class=\"fusion-column-wrapper fusion-column-has-shadow fusion-flex-justify-content-flex-start fusion-content-layout-column\"><div class=\"fusion-text fusion-text-20\" style=\"--awb-font-size:30px;--awb-line-height:0;--awb-letter-spacing:0px;--awb-text-color:var(--awb-color5);--awb-text-font-family:&quot;Amiri&quot;;--awb-text-font-style:normal;--awb-text-font-weight:700;\"><p>Hatschen<\/p>\n<\/div><div class=\"fusion-text fusion-text-21\" style=\"--awb-font-size:20px;--awb-line-height:1.2;--awb-letter-spacing:0px;--awb-margin-top:2vw;--awb-text-font-family:&quot;Amiri&quot;;--awb-text-font-style:italic;--awb-text-font-weight:400;\"><p>fait parfois partie de la d\u00e9couverte d&rsquo;une ville et signifie : se promener longuement. Pour que le hatschen ne devienne pas trop fade (= ennuyeux en viennois), le mieux est de se mettre en route ensemble. Avec suffisamment de pauses pour profiter de Vienne.<\/p>\n<\/div><\/div><\/div><div class=\"fusion-layout-column fusion_builder_column fusion-builder-column-12 fusion_builder_column_1_2 1_2 fusion-flex-column\" style=\"--awb-padding-top:2vw;--awb-padding-right:2vw;--awb-padding-bottom:2vw;--awb-padding-left:2vw;--awb-bg-size:cover;--awb-width-large:50%;--awb-margin-top-large:0px;--awb-spacing-right-large:0px;--awb-margin-bottom-large:0px;--awb-spacing-left-large:0px;--awb-width-medium:50%;--awb-order-medium:0;--awb-spacing-right-medium:0px;--awb-spacing-left-medium:0px;--awb-width-small:100%;--awb-order-small:0;--awb-spacing-right-small:1.92%;--awb-spacing-left-small:1.92%;\"><div class=\"fusion-column-wrapper fusion-column-has-shadow fusion-flex-justify-content-flex-start fusion-content-layout-column\"><div class=\"fusion-text fusion-text-22\" style=\"--awb-font-size:30px;--awb-line-height:0;--awb-letter-spacing:0px;--awb-text-color:var(--awb-color4);--awb-text-font-family:&quot;Amiri&quot;;--awb-text-font-style:normal;--awb-text-font-weight:700;\"><p>Baba<\/p>\n<\/div><div class=\"fusion-text fusion-text-23\" style=\"--awb-font-size:20px;--awb-line-height:1.2;--awb-letter-spacing:0px;--awb-margin-top:2vw;--awb-text-font-family:&quot;Amiri&quot;;--awb-text-font-style:italic;--awb-text-font-weight:400;\"><p>est comme nous te disons au revoir quand tu dois repartir. Nous nous r\u00e9jouissons de la prochaine fois !<\/p>\n<\/div><\/div><\/div><div class=\"fusion-layout-column fusion_builder_column fusion-builder-column-13 fusion_builder_column_1_2 1_2 fusion-flex-column\" style=\"--awb-padding-top:2vw;--awb-padding-right:2vw;--awb-padding-bottom:2vw;--awb-padding-left:2vw;--awb-bg-size:cover;--awb-width-large:50%;--awb-margin-top-large:0px;--awb-spacing-right-large:0px;--awb-margin-bottom-large:0px;--awb-spacing-left-large:0px;--awb-width-medium:50%;--awb-order-medium:0;--awb-spacing-right-medium:0px;--awb-spacing-left-medium:0px;--awb-width-small:100%;--awb-order-small:0;--awb-spacing-right-small:1.92%;--awb-spacing-left-small:1.92%;\"><div class=\"fusion-column-wrapper fusion-column-has-shadow fusion-flex-justify-content-flex-start fusion-content-layout-column\"><div class=\"fusion-text fusion-text-24\" style=\"--awb-font-size:30px;--awb-line-height:0;--awb-letter-spacing:0px;--awb-text-color:var(--awb-color4);--awb-text-font-family:&quot;Amiri&quot;;--awb-text-font-style:normal;--awb-text-font-weight:700;\"><p>Pomali  <\/p>\n<\/div><div class=\"fusion-text fusion-text-25\" style=\"--awb-font-size:20px;--awb-line-height:1.2;--awb-letter-spacing:0px;--awb-margin-top:2vw;--awb-text-font-family:&quot;Amiri&quot;;--awb-text-font-style:italic;--awb-text-font-weight:400;\"><p>signifie confortablement, de mani\u00e8re r\u00e9fl\u00e9chie, lentement, progressivement. Comme beaucoup de mots du dialecte viennois, il vient du tch\u00e8que, o\u00f9 pomal\u00fd signifie se d\u00e9placer \u00e0 faible vitesse.<\/p>\n<\/div><\/div><\/div><\/div><\/div><div class=\"fusion-fullwidth fullwidth-box fusion-builder-row-5 fusion-flex-container nonhundred-percent-fullwidth non-hundred-percent-height-scrolling\" style=\"--awb-background-position:left top;--awb-border-sizes-top:0px;--awb-border-sizes-bottom:0px;--awb-border-sizes-left:0px;--awb-border-sizes-right:0px;--awb-border-radius-top-left:0px;--awb-border-radius-top-right:0px;--awb-border-radius-bottom-right:0px;--awb-border-radius-bottom-left:0px;--awb-padding-top:0px;--awb-padding-right:0px;--awb-padding-bottom:0px;--awb-padding-left:0px;--awb-margin-top:3vw;--awb-margin-bottom:0px;--awb-background-color:var(--awb-color1);--awb-flex-wrap:wrap;\" ><div class=\"fusion-builder-row fusion-row fusion-flex-align-items-stretch fusion-flex-content-wrap\" style=\"max-width:calc( 1200px + 0px );margin-left: calc(-0px \/ 2 );margin-right: calc(-0px \/ 2 );\"><div class=\"fusion-layout-column fusion_builder_column fusion-builder-column-14 fusion_builder_column_1_2 1_2 fusion-flex-column\" style=\"--awb-padding-top:3vw;--awb-padding-right:3vw;--awb-padding-bottom:3vw;--awb-padding-left:3vw;--awb-bg-color:var(--awb-color5);--awb-bg-color-hover:var(--awb-color5);--awb-bg-blend:overlay;--awb-bg-size:cover;--awb-width-large:50%;--awb-margin-top-large:0px;--awb-spacing-right-large:0px;--awb-margin-bottom-large:0px;--awb-spacing-left-large:0px;--awb-width-medium:50%;--awb-spacing-right-medium:0px;--awb-spacing-left-medium:0px;--awb-width-small:100%;--awb-spacing-right-small:0px;--awb-spacing-left-small:0px;\"><div class=\"fusion-column-wrapper fusion-flex-justify-content-center fusion-content-layout-column\"><div class=\"fusion-title title fusion-title-2 fusion-sep-none fusion-title-text fusion-title-size-three\" style=\"--awb-text-color:var(--awb-color1);\"><h3 class=\"fusion-title-heading title-heading-left\" style=\"font-family:&quot;Amiri&quot;;font-style:normal;font-weight:700;margin:0;\"><p>Dr.in Karin Eichhorn-<br \/>\nThanhoffer-<br \/>\nViennoise de c\u0153ur et d&rsquo;\u00e2me<\/p><\/h3><\/div><div class=\"fusion-text fusion-text-26 fusion-text-no-margin\" style=\"--awb-line-height:1.4;--awb-text-color:var(--awb-color1);\"><p>Je suis viennoise par conviction et par passion. J&rsquo;y vis depuis ma naissance et j&rsquo;ai habit\u00e9 dans six arrondissements diff\u00e9rents au cours de toutes ces ann\u00e9es.<\/p>\n<\/div><div ><a class=\"fusion-button button-flat fusion-button-default-size button-custom fusion-button-default button-1 fusion-button-default-span fusion-button-default-type\" style=\"--button_accent_color:var(--awb-color5);--button_border_color:var(--awb-color5);--button_accent_hover_color:var(--awb-color5);--button_border_hover_color:var(--awb-color5);--button-border-radius-top-left:0;--button-border-radius-top-right:0;--button-border-radius-bottom-right:0;--button-border-radius-bottom-left:0;--button_gradient_top_color:var(--awb-color1);--button_gradient_bottom_color:var(--awb-color1);--button_gradient_top_color_hover:var(--awb-color3);--button_gradient_bottom_color_hover:var(--awb-color3);--button_margin-top:2vw;\" target=\"_self\" href=\"https:\/\/wienmitwienerin.com\/fr\/karin-la-viennoise\/\"><span class=\"fusion-button-text awb-button__text awb-button__text--default\">en savoir plus sur karin<\/span><\/a><\/div><\/div><\/div><div class=\"fusion-layout-column fusion_builder_column fusion-builder-column-15 fusion_builder_column_1_2 1_2 fusion-flex-column fusion-column-inner-bg-wrapper\" style=\"--awb-inner-bg-color:hsla(var(--awb-color8-h),var(--awb-color8-s),calc( var(--awb-color8-l) + 10% ),var(--awb-color8-a));--awb-inner-bg-color-hover:hsla(var(--awb-color8-h),var(--awb-color8-s),calc( var(--awb-color8-l) + 10% ),var(--awb-color8-a));--awb-inner-bg-image:url(&#039;https:\/\/wienmitwienerin.com\/wp-content\/uploads\/2023\/03\/Karin_kaisermuehlen.jpg&#039;);--awb-inner-bg-position:center top;--awb-inner-bg-size:cover;--awb-width-large:50%;--awb-margin-top-large:0px;--awb-spacing-right-large:0px;--awb-margin-bottom-large:0px;--awb-spacing-left-large:0px;--awb-width-medium:50%;--awb-spacing-right-medium:0px;--awb-spacing-left-medium:0px;--awb-width-small:100%;--awb-spacing-right-small:0px;--awb-spacing-left-small:0px;\"><span class=\"fusion-column-inner-bg hover-type-zoomin\"><a class=\"fusion-column-anchor\" href=\"https:\/\/bit.ly\/2wVX4yE\"><span class=\"fusion-column-inner-bg-image\"><\/span><\/a><\/span><div class=\"fusion-column-wrapper fusion-flex-justify-content-flex-start fusion-content-layout-column fusion-empty-column-bg-image fusion-column-has-bg-image\" data-bg-url=\"https:\/\/wienmitwienerin.com\/wp-content\/uploads\/2023\/03\/Karin_kaisermuehlen.jpg\"><img decoding=\"async\" class=\"fusion-empty-dims-img-placeholder fusion-no-large-visibility fusion-no-medium-visibility\" aria-label=\"Karin_kaisermuehlen\" src=\"data:image\/svg+xml,%3Csvg%20xmlns%3D%27http%3A%2F%2Fwww.w3.org%2F2000%2Fsvg%27%20width%3D%271067%27%20height%3D%27667%27%20viewBox%3D%270%200%201067%20667%27%3E%3Crect%20width%3D%271067%27%20height%3D%27667%27%20fill-opacity%3D%220%22%2F%3E%3C%2Fsvg%3E\"><\/div><\/div><\/div><\/div><div class=\"fusion-fullwidth fullwidth-box fusion-builder-row-6 fusion-flex-container has-pattern-background has-mask-background nonhundred-percent-fullwidth non-hundred-percent-height-scrolling\" style=\"--awb-border-radius-top-left:0px;--awb-border-radius-top-right:0px;--awb-border-radius-bottom-right:0px;--awb-border-radius-bottom-left:0px;--awb-margin-top:5vw;--awb-margin-bottom:5vw;--awb-flex-wrap:wrap;\" ><div class=\"fusion-builder-row fusion-row fusion-flex-align-items-flex-start fusion-flex-content-wrap\" style=\"max-width:1248px;margin-left: calc(-4% \/ 2 );margin-right: calc(-4% \/ 2 );\"><div class=\"fusion-layout-column fusion_builder_column fusion-builder-column-16 fusion_builder_column_1_1 1_1 fusion-flex-column\" style=\"--awb-bg-size:cover;--awb-width-large:100%;--awb-margin-top-large:0px;--awb-spacing-right-large:1.92%;--awb-margin-bottom-large:20px;--awb-spacing-left-large:1.92%;--awb-width-medium:100%;--awb-order-medium:0;--awb-spacing-right-medium:1.92%;--awb-spacing-left-medium:1.92%;--awb-width-small:100%;--awb-order-small:0;--awb-spacing-right-small:1.92%;--awb-spacing-left-small:1.92%;\"><div class=\"fusion-column-wrapper fusion-column-has-shadow fusion-flex-justify-content-flex-start fusion-content-layout-column\"><div style=\"text-align:center;\"><a class=\"fusion-button button-flat button-xlarge button-default fusion-button-default button-2 fusion-button-span-yes fusion-button-default-type\" style=\"--button-border-radius-top-left:0;--button-border-radius-top-right:0;--button-border-radius-bottom-right:0;--button-border-radius-bottom-left:0;\" target=\"_self\" href=\"mailto:tours@wienmitwienerin.com\"><span class=\"fusion-button-text awb-button__text awb-button__text--default\">Demander un tour individuel \u00e0 Karin par e-mail<\/span><\/a><\/div><\/div><\/div><\/div><\/div><\/p>\n","protected":false},"excerpt":{"rendered":"","protected":false},"author":1,"featured_media":0,"parent":0,"menu_order":0,"comment_status":"closed","ping_status":"closed","template":"100-width.php","meta":{"footnotes":""},"class_list":["post-913","page","type-page","status-publish","hentry"],"_links":{"self":[{"href":"https:\/\/wienmitwienerin.com\/fr\/wp-json\/wp\/v2\/pages\/913","targetHints":{"allow":["GET"]}}],"collection":[{"href":"https:\/\/wienmitwienerin.com\/fr\/wp-json\/wp\/v2\/pages"}],"about":[{"href":"https:\/\/wienmitwienerin.com\/fr\/wp-json\/wp\/v2\/types\/page"}],"author":[{"embeddable":true,"href":"https:\/\/wienmitwienerin.com\/fr\/wp-json\/wp\/v2\/users\/1"}],"replies":[{"embeddable":true,"href":"https:\/\/wienmitwienerin.com\/fr\/wp-json\/wp\/v2\/comments?post=913"}],"version-history":[{"count":10,"href":"https:\/\/wienmitwienerin.com\/fr\/wp-json\/wp\/v2\/pages\/913\/revisions"}],"predecessor-version":[{"id":1608,"href":"https:\/\/wienmitwienerin.com\/fr\/wp-json\/wp\/v2\/pages\/913\/revisions\/1608"}],"wp:attachment":[{"href":"https:\/\/wienmitwienerin.com\/fr\/wp-json\/wp\/v2\/media?parent=913"}],"curies":[{"name":"wp","href":"https:\/\/api.w.org\/{rel}","templated":true}]}}